{"id":349,"date":"2024-08-30T12:52:44","date_gmt":"2024-08-30T17:52:44","guid":{"rendered":"https:\/\/colwagen.com\/volkswagen\/?page_id=349"},"modified":"2024-08-30T13:10:58","modified_gmt":"2024-08-30T18:10:58","slug":"nivus-2","status":"publish","type":"page","link":"https:\/\/colwagen.com\/volkswagen\/nivus-2\/","title":{"rendered":"Nivus"},"content":{"rendered":"<p>[vc_row full_width=&#8221;stretch_row_content_no_spaces&#8221; full_height=&#8221;yes&#8221;][vc_column el_class=&#8221;hero-slider owl-carousel owl-theme&#8221;][vc_single_image image=&#8221;358&#8243; img_size=&#8221;full&#8221; alignment=&#8221;center&#8221;][\/vc_column][\/vc_row][vc_row el_class=&#8221;titulo-general-modelos&#8221;][vc_column width=&#8221;1\/6&#8243;][\/vc_column][vc_column width=&#8221;2\/3&#8243;][vc_column_text]<\/p>\n<h1 class=\"title-vehicle\" style=\"text-align: center;\">Dise\u00f1o, tecnolog\u00eda, modernidad y potencia: Nivus, la camioneta dise\u00f1ada para emocionar..<\/h1>\n<h2 class=\"btn-ficha\" style=\"text-align: center; margin-top: 0;\"><a href=\"https:\/\/colwagen.com\/volkswagen\/wp-content\/uploads\/2024\/08\/volkswagen-nivus-v2-my24.pdf\"><strong>Ficha T\u00e9cnica MY2023<\/strong><\/a><\/h2>\n<div id=\"hatchback-slide\" class=\"info-principal\">\n<h4 class=\"price-top\" style=\"text-align: center;\">Precio de venta sugerido desde: $89.990.000<\/h4>\n<\/div>\n<div class=\"camiones-slide\">\n<div class=\"info-secundaria\"><\/div>\n<\/div>\n<p>[\/vc_column_text][\/vc_column][vc_column width=&#8221;1\/6&#8243;][\/vc_column][\/vc_row][vc_row el_class=&#8221;row-cotiza&#8221;][vc_column width=&#8221;1\/6&#8243;][\/vc_column][vc_column width=&#8221;2\/3&#8243;][vc_column_text el_class=&#8221;cotiza-volkswagen-home&#8221;]<\/p>\n<h2>Cotiza tu<br \/>\nVolkswagen<\/h2>\n<div class=\"wpcf7 no-js\" id=\"wpcf7-f145-o1\" lang=\"es-CO\" dir=\"ltr\">\n<div class=\"screen-reader-response\"><p role=\"status\" aria-live=\"polite\" aria-atomic=\"true\"><\/p> <ul><\/ul><\/div>\n<form action=\"\/volkswagen\/wp-json\/wp\/v2\/pages\/349#wpcf7-f145-o1\" method=\"post\" class=\"wpcf7-form init\" aria-label=\"Formulario de contacto\" novalidate=\"novalidate\" data-status=\"init\">\n<div style=\"display: none;\">\n<input type=\"hidden\" name=\"_wpcf7\" value=\"145\" \/>\n<input type=\"hidden\" name=\"_wpcf7_version\" value=\"5.9.8\" \/>\n<input type=\"hidden\" name=\"_wpcf7_locale\" value=\"es_CO\" \/>\n<input type=\"hidden\" name=\"_wpcf7_unit_tag\" value=\"wpcf7-f145-o1\" \/>\n<input type=\"hidden\" name=\"_wpcf7_container_post\" value=\"0\" \/>\n<input type=\"hidden\" name=\"_wpcf7_posted_data_hash\" value=\"\" \/>\n<input type=\"hidden\" name=\"_wpcf7cf_hidden_group_fields\" value=\"[]\" \/>\n<input type=\"hidden\" name=\"_wpcf7cf_hidden_groups\" value=\"[]\" \/>\n<input type=\"hidden\" name=\"_wpcf7cf_visible_groups\" value=\"[]\" \/>\n<input type=\"hidden\" name=\"_wpcf7cf_repeaters\" value=\"[]\" \/>\n<input type=\"hidden\" name=\"_wpcf7cf_steps\" value=\"{}\" \/>\n<input type=\"hidden\" name=\"_wpcf7cf_options\" value=\"{&quot;form_id&quot;:145,&quot;conditions&quot;:[],&quot;settings&quot;:{&quot;animation&quot;:&quot;yes&quot;,&quot;animation_intime&quot;:200,&quot;animation_outtime&quot;:200,&quot;conditions_ui&quot;:&quot;normal&quot;,&quot;notice_dismissed&quot;:false,&quot;notice_dismissed_update-cf7-5.5.2&quot;:true}}\" \/>\n<input type=\"hidden\" name=\"_wpcf7_recaptcha_response\" value=\"\" \/>\n<\/div>\n<p><span class=\"wpcf7-form-control-wrap\" data-name=\"Nombre\"><input size=\"40\" maxlength=\"400\" class=\"wpcf7-form-control wpcf7-text wpcf7-validates-as-required\" aria-required=\"true\" aria-invalid=\"false\" placeholder=\"Nombre\" value=\"\" type=\"text\" name=\"Nombre\" \/><\/span><br \/>\n<span class=\"wpcf7-form-control-wrap\" data-name=\"Apellido\"><input size=\"40\" maxlength=\"400\" class=\"wpcf7-form-control wpcf7-text wpcf7-validates-as-required\" aria-required=\"true\" aria-invalid=\"false\" placeholder=\"Apellido\" value=\"\" type=\"text\" name=\"Apellido\" \/><\/span><br \/>\n<span class=\"wpcf7-form-control-wrap\" data-name=\"Celular\"><input size=\"40\" maxlength=\"400\" class=\"wpcf7-form-control wpcf7-tel wpcf7-validates-as-required wpcf7-text wpcf7-validates-as-tel\" aria-required=\"true\" aria-invalid=\"false\" placeholder=\"Celular\" value=\"\" type=\"tel\" name=\"Celular\" \/><\/span><br \/>\n<span class=\"wpcf7-form-control-wrap\" data-name=\"correo\"><input size=\"40\" maxlength=\"400\" class=\"wpcf7-form-control wpcf7-email wpcf7-validates-as-required wpcf7-text wpcf7-validates-as-email\" aria-required=\"true\" aria-invalid=\"false\" placeholder=\"Correo electr\u00f3nico\" value=\"\" type=\"email\" name=\"correo\" \/><\/span><br \/>\n<span class=\"wpcf7-form-control-wrap\" data-name=\"modelo\"><select class=\"wpcf7-form-control wpcf7-select wpcf7-validates-as-required\" aria-required=\"true\" aria-invalid=\"false\" name=\"modelo\"><option value=\"\">Modelo<\/option><option value=\"Saveiro Cabina Sencilla\">Saveiro Cabina Sencilla<\/option><option value=\"Tiguan\">Tiguan<\/option><option value=\"Amarok\">Amarok<\/option><option value=\"Polo\">Polo<\/option><option value=\"Saveiro Plus\">Saveiro Plus<\/option><option value=\"Virtus\">Virtus<\/option><option value=\"Nivus\">Nivus<\/option><option value=\"Teramont\">Teramont<\/option><option value=\"T-Cross\">T-Cross<\/option><option value=\"Taos\">Taos<\/option><\/select><\/span><br \/>\n<span class=\"wpcf7-form-control-wrap\" data-name=\"donde\"><select class=\"wpcf7-form-control wpcf7-select wpcf7-validates-as-required\" aria-required=\"true\" aria-invalid=\"false\" name=\"donde\"><option value=\"\">\u00bfD\u00f3nde quieres ser atendido?<\/option><option value=\"Bogot\u00e1 Calle 100\">Bogot\u00e1 Calle 100<\/option><option value=\"Bogot\u00e1 Calle 140\">Bogot\u00e1 Calle 140<\/option><option value=\"Ch\u00eda\">Ch\u00eda<\/option><\/select><\/span><br \/>\n<span class=\"wpcf7-form-control-wrap\" data-name=\"necesitas\"><select class=\"wpcf7-form-control wpcf7-select wpcf7-validates-as-required\" aria-required=\"true\" aria-invalid=\"false\" name=\"necesitas\"><option value=\"\">\u00bfNecesitas financiaci\u00f3n?<\/option><option value=\"Si\">Si<\/option><option value=\"No\">No<\/option><\/select><\/span><br \/>\n<span class=\"wpcf7-form-control-wrap\" data-name=\"politicas\"><span class=\"wpcf7-form-control wpcf7-acceptance optional\"><span class=\"wpcf7-list-item\"><label><input type=\"checkbox\" name=\"politicas\" value=\"1\" checked=\"checked\" aria-invalid=\"false\" \/><span class=\"wpcf7-list-item-label\"><a href=\"https:\/\/www.vw-colwagen.co\/terminos-y-condiciones\/\" target=\"_blank\" rel=\"nofollow noopener\">Acepto pol\u00edticas de Privacidad<\/a><\/span><\/label><\/span><\/span><\/span><br \/>\n<input class=\"wpcf7-form-control wpcf7-hidden\" value=\"Volkswagen PKW\" type=\"hidden\" name=\"marca\" \/>\n<input class=\"wpcf7-form-control wpcf7-hidden\" value=\"OrganicoContacto\" type=\"hidden\" name=\"utm_source\" \/>\n<input class=\"wpcf7-form-control wpcf7-hidden\" value=\"\" type=\"hidden\" name=\"utm_medium\" \/>\n<input class=\"wpcf7-form-control wpcf7-hidden\" value=\"\" type=\"hidden\" name=\"utm_campaign\" \/>\n<input class=\"wpcf7-form-control wpcf7-hidden\" id=\"zc_gad\" value=\"\" type=\"hidden\" name=\"zc_gad\" \/>\n<input class=\"wpcf7-form-control wpcf7-hidden\" value=\"\" type=\"hidden\" name=\"fbclid\" \/>\n<input class=\"wpcf7-form-control wpcf7-hidden\" id=\"agencia\" value=\"\" type=\"hidden\" name=\"agencia\" \/>\n<input class=\"wpcf7-form-control wpcf7-hidden\" value=\"VolkswagenOnpage-Cotiza\" type=\"hidden\" name=\"formulario\" \/><br \/>\n<input class=\"wpcf7-form-control wpcf7-submit has-spinner\" type=\"submit\" value=\"Enviar\" \/>\n<\/p><div class=\"wpcf7-response-output\" aria-hidden=\"true\"><\/div>\n<\/form>\n<\/div>\n[\/vc_column_text][\/vc_column][vc_column width=&#8221;1\/6&#8243;][\/vc_column][\/vc_row][vc_row][vc_column][vc_column_text]<\/p>\n<h4 class=\"title-section\">Seguridad<\/h4>\n<p>[\/vc_column_text][vc_tta_tabs color=&#8221;white&#8221; active_section=&#8221;1&#8243; css_animation=&#8221;fadeIn&#8221; el_class=&#8221;tabs-cars&#8221;][vc_tta_section title=&#8221;Airbags&#8221; tab_id=&#8221;airbags&#8221;][vc_row_inner][vc_column_inner width=&#8221;1\/3&#8243;][vc_column_text el_class=&#8221;text-tabs&#8221;]Protecci\u00f3n para tu familia, el Volkswagen Nivus viene equipado con 6 airbags.<br \/>\n[\/vc_column_text][\/vc_column_inner][vc_column_inner width=&#8221;2\/3&#8243;][vc_single_image image=&#8221;359&#8243; img_size=&#8221;full&#8221;][\/vc_column_inner][\/vc_row_inner][\/vc_tta_section][vc_tta_section title=&#8221;Front Assist&#8221; tab_id=&#8221;front&#8221;][vc_row_inner][vc_column_inner width=&#8221;1\/3&#8243;][vc_column_text el_class=&#8221;text-tabs&#8221;]<strong>Sistema de detecci\u00f3n de peatones y veh\u00edculos<\/strong> Advierte al conductor a tiempo y, si no hay respuesta, puede iniciar una frenada de emergencia.<br \/>\n*Disponible en versiones Comfortline AT y Highline.<br \/>\n[\/vc_column_text][\/vc_column_inner][vc_column_inner width=&#8221;2\/3&#8243;][vc_single_image image=&#8221;360&#8243; img_size=&#8221;full&#8221;][\/vc_column_inner][\/vc_row_inner][\/vc_tta_section][vc_tta_section title=&#8221;Control de Estabilidad Tracci\u00f3n&#8221; tab_id=&#8221;airbags&#8221;][vc_row_inner][vc_column_inner width=&#8221;1\/3&#8243;][vc_column_text el_class=&#8221;text-tabs&#8221;]<strong>Control electr\u00f3nico de estabilidad (ESC):<\/strong>Previene la desestabilizaci\u00f3n del veh\u00edculo en curvas, cambios de superficie o maniobras evasivas.[\/vc_column_text][\/vc_column_inner][vc_column_inner width=&#8221;2\/3&#8243;][vc_single_image image=&#8221;361&#8243; img_size=&#8221;full&#8221;][\/vc_column_inner][\/vc_row_inner][\/vc_tta_section][vc_tta_section title=&#8221;Freno de Disco&#8221; tab_id=&#8221;control-electronico&#8221;][vc_row_inner][vc_column_inner width=&#8221;1\/3&#8243;][vc_column_text el_class=&#8221;text-tabs&#8221;]Freno de disco con ABS en las cuatro ruedas.[\/vc_column_text][\/vc_column_inner][vc_column_inner width=&#8221;2\/3&#8243;][vc_single_image image=&#8221;362&#8243; img_size=&#8221;full&#8221;][\/vc_column_inner][\/vc_row_inner][\/vc_tta_section][vc_tta_section title=&#8221;Detector de Fatiga&#8221; tab_id=&#8221;intelligence&#8221;][vc_row_inner][vc_column_inner width=&#8221;1\/3&#8243;][vc_column_text el_class=&#8221;text-tabs&#8221;]<strong>Sensor de fatiga<\/strong>Detecta cuando el conductor est\u00e1 cansado y emite una se\u00f1al de alerta en el tablero.<br \/>\n*Aplica a la versi\u00f3n Highline.[\/vc_column_text][\/vc_column_inner][vc_column_inner width=&#8221;2\/3&#8243;][vc_single_image image=&#8221;363&#8243; img_size=&#8221;full&#8221;][\/vc_column_inner][\/vc_row_inner][\/vc_tta_section][\/vc_tta_tabs][\/vc_column][\/vc_row][vc_row][vc_column][vc_column_text]<\/p>\n<h4 class=\"title-section\">Exterior<\/h4>\n<p>[\/vc_column_text][vc_row_inner][vc_column_inner][vc_single_image image=&#8221;327&#8243; img_size=&#8221;full&#8221; alignment=&#8221;center&#8221;][vc_column_text el_class=&#8221;text-exterior&#8221;]<strong>VW Nivus: el futuro en un SUV<\/strong> El dise\u00f1o del VW Nivus atrae todas las miradas y nunca pasa desapercibido. Este modelo es atractivo y funcional, con faros LED delanteros y traseros, y llantas de aleaci\u00f3n de 16 o 17 pulgadas, ofreciendo un paquete visual exclusivo.[\/vc_column_text][\/vc_column_inner][\/vc_row_inner][\/vc_column][\/vc_row][vc_row][vc_column][vc_column_text]<\/p>\n<h4 class=\"title-section\">Interior<\/h4>\n<p>[\/vc_column_text][vc_row_inner][vc_column_inner width=&#8221;2\/3&#8243;][vc_single_image image=&#8221;364&#8243; img_size=&#8221;full&#8221;][\/vc_column_inner][vc_column_inner width=&#8221;1\/3&#8243;][vc_column_text el_class=&#8221;text-interior&#8221;]<strong>Asientos<\/strong><br \/>\nLa versi\u00f3n Highline est\u00e1 equipada con cojiner\u00eda en Leatherette, destacando el dise\u00f1o y confort en el interior.<br \/>\n[\/vc_column_text][\/vc_column_inner][\/vc_row_inner][vc_row_inner][vc_column_inner width=&#8221;1\/3&#8243;][vc_column_text el_class=&#8221;text-interior&#8221;]<strong>Aire acondicionado:<\/strong><br \/>\nEl sistema autom\u00e1tico Climatronic de Volkswagen regula la temperatura interior bas\u00e1ndose en el ajuste seleccionado, ajustando la velocidad del ventilador y accionando autom\u00e1ticamente las aletas de distribuci\u00f3n de aire.<br \/>\n*Aplica a la versi\u00f3n Highline.<br \/>\n[\/vc_column_text][\/vc_column_inner][vc_column_inner width=&#8221;2\/3&#8243;][vc_single_image image=&#8221;367&#8243; img_size=&#8221;full&#8221;][\/vc_column_inner][\/vc_row_inner][vc_row_inner][vc_column_inner width=&#8221;2\/3&#8243;][vc_single_image image=&#8221;369&#8243; img_size=&#8221;full&#8221;][\/vc_column_inner][vc_column_inner width=&#8221;1\/3&#8243;][vc_column_text el_class=&#8221;text-interior&#8221;]<strong>Nuevo logo Volkswagen<\/strong><br \/>\nEl Nivus es el primer veh\u00edculo en incorporar el nuevo logo de Volkswagen, moderno y vibrante, al igual que su habit\u00e1culo.[\/vc_column_text][\/vc_column_inner][\/vc_row_inner][vc_row_inner][vc_column_inner width=&#8221;1\/3&#8243;][vc_column_text el_class=&#8221;text-interior&#8221;]<strong>Bot\u00f3n de encendido<\/strong><br \/>\n\u00a1Abre, cierra, enciende y conduce sin sacar las llaves del bolsillo! Acceso sin llave con bot\u00f3n de encendido.<br \/>\n*Disponible en la versi\u00f3n Highline.[\/vc_column_text][\/vc_column_inner][vc_column_inner width=&#8221;2\/3&#8243;][vc_single_image image=&#8221;370&#8243; img_size=&#8221;full&#8221;][\/vc_column_inner][\/vc_row_inner][vc_row_inner][vc_column_inner width=&#8221;2\/3&#8243;][vc_single_image image=&#8221;371&#8243; img_size=&#8221;full&#8221;][\/vc_column_inner][vc_column_inner width=&#8221;1\/3&#8243;][vc_column_text el_class=&#8221;text-interior&#8221;]<strong>Control Crucero Adaptativo<\/strong><br \/>\nControl de velocidad y distancia adaptativo que se ajusta seg\u00fan la velocidad del veh\u00edculo delantero, acelerando o frenando seg\u00fan el tr\u00e1fico.<br \/>\n*Disponible en versiones Comfortline AT y Highline.<br \/>\n[\/vc_column_text][\/vc_column_inner][\/vc_row_inner][\/vc_column][\/vc_row][vc_row][vc_column][vc_column_text]<\/p>\n<h4 class=\"title-section\">Motor<\/h4>\n<p>[\/vc_column_text][vc_row_inner][vc_column_inner width=&#8221;1\/3&#8243;][vc_column_text el_class=&#8221;text-interior&#8221;]<strong>Eficiencia y potencia: todo en el motor TSI.<\/strong>;<br \/>\nLa experiencia de manejo es inolvidable gracias al motor turbo TSI que combina potencia y econom\u00eda, con un gran torque para responder \u00e1gilmente cada vez que aceleras.<br \/>\nEn las versiones autom\u00e1ticas, el motor Turbo TSI se acopla a una transmisi\u00f3n autom\u00e1tica Tiptronic de seis velocidades, con levas al volante para seleccionar la marcha deseada de manera c\u00f3moda y divertida.<br \/>\n[\/vc_column_text][\/vc_column_inner][vc_column_inner width=&#8221;2\/3&#8243;][vc_single_image image=&#8221;337&#8243; img_size=&#8221;full&#8221;][\/vc_column_inner][\/vc_row_inner][\/vc_column][\/vc_row][vc_row][vc_column][vc_column_text]<\/p>\n<h4 class=\"title-section\">Tecnolog\u00eda<\/h4>\n<p>[\/vc_column_text][vc_row_inner][vc_column_inner width=&#8221;1\/2&#8243;][vc_single_image image=&#8221;372&#8243; img_size=&#8221;full&#8221; alignment=&#8221;center&#8221;][vc_column_text el_class=&#8221;text-exterior&#8221;]<strong>VW Play<\/strong><br \/>\nCon nuestra nueva plataforma tecnol\u00f3gica, personaliza toda la informaci\u00f3n en una pantalla de 10 pulgadas, descarga aplicaciones sin ocupar la memoria de tu celular. El sistema multimedia VW Play inaugura una nueva era en conectividad, streaming y servicios.<br \/>\n*Disponible en la versi\u00f3n Highline.<br \/>\n[\/vc_column_text][\/vc_column_inner][vc_column_inner width=&#8221;1\/2&#8243;][vc_single_image image=&#8221;364&#8243; img_size=&#8221;full&#8221; alignment=&#8221;center&#8221;][vc_column_text el_class=&#8221;text-exterior&#8221;]<strong>Active Info Display<\/strong><br \/>\nEl VW Play, combinado con el tablero digital &#8220;Active Info Display&#8221;, crea un entorno digital con dos pantallas interconectadas de 10&#8243;, ofreciendo conectividad y entretenimiento en todos tus viajes.<br \/>\n*Disponible en la versi\u00f3n Highline.<br \/>\n[\/vc_column_text][\/vc_column_inner][\/vc_row_inner][vc_row_inner][vc_column_inner width=&#8221;1\/2&#8243;][vc_single_image image=&#8221;370&#8243; img_size=&#8221;full&#8221; alignment=&#8221;center&#8221;][vc_column_text el_class=&#8221;text-exterior&#8221;]<strong>Acceso sin llave y bot\u00f3n de encendido<\/strong><br \/>\nAbre, cierra, enciende y conduce sin sacar las llaves del bolsillo.<br \/>\n*Disponible en la versi\u00f3n Highline.<br \/>\n[\/vc_column_text][\/vc_column_inner][vc_column_inner width=&#8221;1\/2&#8243;][vc_single_image image=&#8221;371&#8243; img_size=&#8221;full&#8221; alignment=&#8221;center&#8221;][vc_column_text el_class=&#8221;text-exterior&#8221;]<strong>Control crucero adaptativo y Front Assist<\/strong><br \/>\nControla la velocidad y la distancia adapt\u00e1ndose al veh\u00edculo delantero, acelerando o frenando seg\u00fan el tr\u00e1fico.<br \/>\n*Disponible en versiones Comfortline AT y Highline.<br \/>\n[\/vc_column_text][\/vc_column_inner][\/vc_row_inner][\/vc_column][\/vc_row][vc_row][vc_column][vc_column_text]<\/p>\n<h4 class=\"title-section\">Versiones y Colores<\/h4>\n<p>[\/vc_column_text][vc_row_inner][vc_column_inner width=&#8221;2\/3&#8243;][vc_gallery interval=&#8221;3&#8243; images=&#8221;353,354,355,356&#8243; img_size=&#8221;full&#8221; onclick=&#8221;&#8221;][\/vc_column_inner][vc_column_inner width=&#8221;1\/3&#8243;][vc_column_text el_class=&#8221;text-versiones&#8221;]<strong>\u2193 Nivus Comfortline Mec\u00e1nico<\/strong><br \/>\n<strong>\u2193 Nivus Comfortline Sense Autom\u00e1tico<\/strong><br \/>\n<strong>\u2193 Nivus Comfortline Autom\u00e1tico<\/strong><br \/>\nMY 2024 desde: $ 89.990.000<br \/>\n<strong>\u2193 Nivus Highline Autom\u00e1tico<\/strong><br \/>\nMY 2024 desde: $ 99.990.000<br \/>\n[\/vc_column_text][\/vc_column_inner][\/vc_row_inner][\/vc_column][\/vc_row][vc_row][vc_column][vc_column_text]<\/p>\n<h4 class=\"title-section\">Garant\u00eda y Respaldo<\/h4>\n<p>[\/vc_column_text][vc_row_inner][vc_column_inner width=&#8221;2\/3&#8243;][vc_single_image image=&#8221;317&#8243; img_size=&#8221;full&#8221;][\/vc_column_inner][vc_column_inner width=&#8221;1\/3&#8243;][vc_column_text el_class=&#8221;text-interior&#8221;]Volkswagen Nivus cuenta con el respaldo de una red robusta de concesionarios y talleres autorizados a nivel nacional, que cumplen con los est\u00e1ndares de calidad que caracterizan a nuestra marca.<br \/>\nLa garant\u00eda que le aplica a este veh\u00edculo es de 100.000 Km o 3 a\u00f1os, lo primero que ocurra.<br \/>\nSi quieres conocer m\u00e1s detalles de nuestros servicios posventa, te invitamos a visitar la secci\u00f3n en el siguiente enlace.<\/p>\n<p><a class=\"whastapp-lateral btn-ficha\">Servicio Posventa<\/a>[\/vc_column_text][\/vc_column_inner][\/vc_row_inner][\/vc_column][\/vc_row][vc_row][vc_column][vc_column_text el_class=&#8221;text-legales&#8221;]*Im\u00e1genes de referencia. Los equipamientos, accesorios y\/o colores hacen parte de la ambientaci\u00f3n fotogr\u00e1fica o\u00a0pueden no corresponder con las referencias y modelos comercializados en Colombia. Para m\u00e1s informaci\u00f3n cont\u00e1ctese con los concesionarios autorizados.<\/p>\n<p>**Precio sugerido por Porsche Colombia S.A.S. a nivel Nacional. Es posible que existan diferencias entre los precios ofrecidos por el concesionario y los precios aqu\u00ed sugeridos, en todo caso prevalecer\u00e1n los precios ofrecidos por el concesionario.[\/vc_column_text][\/vc_column][\/vc_row]<\/p>\n","protected":false},"excerpt":{"rendered":"<p>[vc_row full_width=&#8221;stretch_row_content_no_spaces&#8221; full_height=&#8221;yes&#8221;][vc_column el_class=&#8221;hero-slider owl-carousel owl-theme&#8221;][vc_single_image image=&#8221;358&#8243; img_size=&#8221;full&#8221; alignment=&#8221;center&#8221;][\/vc_column][\/vc_row][vc_row el_class=&#8221;titulo-general-modelos&#8221;][vc_column width=&#8221;1\/6&#8243;][\/vc_column][vc_column width=&#8221;2\/3&#8243;][vc_column_text] Dise\u00f1o, tecnolog\u00eda, modernidad y potencia: Nivus, la camioneta dise\u00f1ada para emocionar.. Ficha T\u00e9cnica MY2023 Precio de venta sugerido desde: $89.990.000 [\/vc_column_text][\/vc_column][vc_column width=&#8221;1\/6&#8243;][\/vc_column][\/vc_row][vc_row el_class=&#8221;row-cotiza&#8221;][vc_column width=&#8221;1\/6&#8243;][\/vc_column][vc_column width=&#8221;2\/3&#8243;][vc_column_text el_class=&#8221;cotiza-volkswagen-home&#8221;] Cotiza tu Volkswagen [\/vc_column_text][\/vc_column][vc_column width=&#8221;1\/6&#8243;][\/vc_column][\/vc_row][vc_row][vc_column][vc_column_text] Seguridad [\/vc_column_text][vc_tta_tabs color=&#8221;white&#8221; active_section=&#8221;1&#8243; css_animation=&#8221;fadeIn&#8221; el_class=&#8221;tabs-cars&#8221;][vc_tta_section title=&#8221;Airbags&#8221; tab_id=&#8221;airbags&#8221;][vc_row_inner][vc_column_inner width=&#8221;1\/3&#8243;][vc_column_text el_class=&#8221;text-tabs&#8221;]Protecci\u00f3n para tu [&hellip;]<\/p>\n","protected":false},"author":1,"featured_media":0,"parent":0,"menu_order":0,"comment_status":"closed","ping_status":"closed","template":"","meta":{"footnotes":""},"class_list":["post-349","page","type-page","status-publish","hentry"],"_links":{"self":[{"href":"https:\/\/colwagen.com\/volkswagen\/wp-json\/wp\/v2\/pages\/349","targetHints":{"allow":["GET"]}}],"collection":[{"href":"https:\/\/colwagen.com\/volkswagen\/wp-json\/wp\/v2\/pages"}],"about":[{"href":"https:\/\/colwagen.com\/volkswagen\/wp-json\/wp\/v2\/types\/page"}],"author":[{"embeddable":true,"href":"https:\/\/colwagen.com\/volkswagen\/wp-json\/wp\/v2\/users\/1"}],"replies":[{"embeddable":true,"href":"https:\/\/colwagen.com\/volkswagen\/wp-json\/wp\/v2\/comments?post=349"}],"version-history":[{"count":6,"href":"https:\/\/colwagen.com\/volkswagen\/wp-json\/wp\/v2\/pages\/349\/revisions"}],"predecessor-version":[{"id":374,"href":"https:\/\/colwagen.com\/volkswagen\/wp-json\/wp\/v2\/pages\/349\/revisions\/374"}],"wp:attachment":[{"href":"https:\/\/colwagen.com\/volkswagen\/wp-json\/wp\/v2\/media?parent=349"}],"curies":[{"name":"wp","href":"https:\/\/api.w.org\/{rel}","templated":true}]}}